{"version":"1.0","provider_name":"Becid","provider_url":"https:\/\/becid.eu\/et\/","author_name":"Becid","author_url":"https:\/\/becid.eu\/et\/","title":"Vai b\u0113rnu pabalstiem bijis liel\u0101kais finans\u0113juma pieaugums desmitgad\u0113? - Becid","type":"rich","width":600,"height":338,"html":"<blockquote class=\"wp-embedded-content\" data-secret=\"qC64S9Lpfw\"><a href=\"https:\/\/becid.eu\/et\/facts\/vai-bernu-pabalstiem-bijis-lielakais-finansejuma-pieaugums-desmitgade\/\">Vai b\u0113rnu pabalstiem bijis liel\u0101kais finans\u0113juma pieaugums desmitgad\u0113?<\/a><\/blockquote><iframe sandbox=\"allow-scripts\" security=\"restricted\" src=\"https:\/\/becid.eu\/et\/facts\/vai-bernu-pabalstiem-bijis-lielakais-finansejuma-pieaugums-desmitgade\/embed\/#?secret=qC64S9Lpfw\" width=\"600\" height=\"338\" title=\"&#8220;Vai b\u0113rnu pabalstiem bijis liel\u0101kais finans\u0113juma pieaugums desmitgad\u0113?&#8221; &#8212; Becid\" data-secret=\"qC64S9Lpfw\" frameborder=\"0\" marginwidth=\"0\" marginheight=\"0\" scrolling=\"no\" class=\"wp-embedded-content\"><\/iframe><script type=\"text\/javascript\">\n\/* <![CDATA[ *\/\n\/*! This file is auto-generated *\/\n!function(d,l){\"use strict\";l.querySelector&&d.addEventListener&&\"undefined\"!=typeof URL&&(d.wp=d.wp||{},d.wp.receiveEmbedMessage||(d.wp.receiveEmbedMessage=function(e){var t=e.data;if((t||t.secret||t.message||t.value)&&!\/[^a-zA-Z0-9]\/.test(t.secret)){for(var s,r,n,a=l.querySelectorAll('iframe[data-secret=\"'+t.secret+'\"]'),o=l.querySelectorAll('blockquote[data-secret=\"'+t.secret+'\"]'),c=new RegExp(\"^https?:$\",\"i\"),i=0;i<o.length;i++)o[i].style.display=\"none\";for(i=0;i<a.length;i++)s=a[i],e.source===s.contentWindow&&(s.removeAttribute(\"style\"),\"height\"===t.message?(1e3<(r=parseInt(t.value,10))?r=1e3:~~r<200&&(r=200),s.height=r):\"link\"===t.message&&(r=new URL(s.getAttribute(\"src\")),n=new URL(t.value),c.test(n.protocol))&&n.host===r.host&&l.activeElement===s&&(d.top.location.href=t.value))}},d.addEventListener(\"message\",d.wp.receiveEmbedMessage,!1),l.addEventListener(\"DOMContentLoaded\",function(){for(var e,t,s=l.querySelectorAll(\"iframe.wp-embedded-content\"),r=0;r<s.length;r++)(t=(e=s[r]).getAttribute(\"data-secret\"))||(t=Math.random().toString(36).substring(2,12),e.src+=\"#?secret=\"+t,e.setAttribute(\"data-secret\",t)),e.contentWindow.postMessage({message:\"ready\",secret:t},\"*\")},!1)))}(window,document);\n\/\/# sourceURL=https:\/\/becid.eu\/wp-includes\/js\/wp-embed.min.js\n\/* ]]> *\/\n<\/script>\n","description":"APGALVOJUMS \u0160ogad nodro\u0161in\u0101ts liel\u0101kais finans\u0113juma pieaugums b\u0113rnu pabalstiem vair\u0101k nek\u0101 10 gados. SECIN\u0100JUMS Nav taisn\u012bba. \u0160ogad \u0123imen\u0113m ar b\u0113rniem papildus pabalstos pie\u0161\u0137irti 71,5 miljoni, bet 2022. gad\u0101 \u2013 90,9 miljoni. Ministru prezidentes Evikas Sili\u0146as (Jaun\u0101 vienot\u012bba) ikgad\u0113j\u0101 zi\u0146ojum\u0101 Saeimai teikts: \u201c2026. gad\u0101 ieviests l\u012bdz \u0161im v\u0113rien\u012bg\u0101kais soci\u0101lais ieguld\u012bjums demogr\u0101fijas stiprin\u0101\u0161an\u0101, nodro\u0161inot liel\u0101ko finans\u0113juma pieaugumu pabalstiem [&hellip;]","thumbnail_url":"https:\/\/becid.eu\/wp-content\/uploads\/2023\/07\/OG_becid.jpg","thumbnail_width":1200,"thumbnail_height":630}